{"id":1396,"date":"2025-04-16T12:55:51","date_gmt":"2025-04-16T12:55:51","guid":{"rendered":"https:\/\/scirescareer.unibuc.ro\/?page_id=1396"},"modified":"2025-04-24T16:07:38","modified_gmt":"2025-04-24T16:07:38","slug":"qmpmi-info-pentru-liceeni","status":"publish","type":"page","link":"https:\/\/scirescareer.unibuc.ro\/index.php\/conference-quantum-mechanics-physics-metaphysical-issues\/qmpmi-info-pentru-liceeni\/","title":{"rendered":"QMPMi: Info pentru liceeni"},"content":{"rendered":"\n<div class=\"wp-block-media-text is-stacked-on-mobile\"><figure class=\"wp-block-media-text__media\"><img data-recalc-dims=\"1\" loading=\"lazy\" decoding=\"async\" width=\"640\" height=\"905\" src=\"https:\/\/i0.wp.com\/scirescareer.unibuc.ro\/wp-content\/uploads\/2025\/04\/Quantum-Web-bun.jpg?resize=640%2C905&#038;ssl=1\" alt=\"\" class=\"wp-image-1412 size-full\"\/><\/figure><div class=\"wp-block-media-text__content\">\n<p>\u00cen intervalul 5-7 mai 2025 va avea loc conferin\u0163a \u201cQuantum Mechanics, Physical and Metaphysical Issues\u201d, un eveniment interdisciplinar, organizat \u00een parteneriat de Facultatea de Fizic\u0103 \u0219i Facultatea de Filosofie din cadrul Universit\u0103\u021bii din Bucure\u015fti, cu sprijinul SciResCareer, pentru a s\u0103rb\u0103tori centenarul fundamentelor riguroase ale mecanicii cuantice (Anul Interna\u021bional 2025 al \u0218tiin\u021bei \u0219i Tehnologiei Cuantice).<\/p>\n\n\n\n<p>Temele pentru filosofie includ, dar nu se limiteaz\u0103 la:<\/p>\n\n\n\n<ul class=\"wp-block-list\">\n<li>interpret\u0103ri obi\u015fnuite ale mecanicii cuantice;&nbsp;<\/li>\n\n\n\n<li>non-localitate, contextualitate \u0219i realism;<\/li>\n\n\n\n<li>probleme de m\u0103surare;<\/li>\n\n\n\n<li>determinism \u0219i mecanic\u0103 cuantic\u0103 &#8211; este mecanica cuantic\u0103 relevant\u0103 pentru dezbaterile filozofice despre liberul arbitru?<\/li>\n\n\n\n<li>categoriile ontologice ale st\u0103rilor cuantice.<\/li>\n<\/ul>\n<\/div><\/div>\n\n\n\n<p>Temele pentru fizic\u0103 includ, dar nu se limiteaz\u0103 la:<\/p>\n\n\n\n<ul class=\"wp-block-list\">\n<li>conceptele \u0219i structura formal\u0103 a mecanicii cuantice;<\/li>\n\n\n\n<li>consecin\u021bele mecanicii cuantice \u00een fizica atomic\u0103, nuclear\u0103, materie condensat\u0103, fizica particulelor \u0219i cosmologie;<\/li>\n\n\n\n<li>informa\u0163ie cuantic\u0103 \u0219i comunicare;<\/li>\n\n\n\n<li>provoc\u0103ri \u00een predarea mecanicii cuantice.<\/li>\n<\/ul>\n\n\n\n<p>Cu acest prilej, cadrele didactice \u015fi <strong>elevii <\/strong>din \u00eenv\u0103\u021b\u0103m\u00e2ntul liceal sunt invita\u0163i s\u0103 participe la sesiunile plenare din prima parte a zilei, dar \u0219i la ateliere dedicate care vor fi programate \u00een a doua parte a zilei, pe 5 \u0219i 6 mai 2025. Activit\u0103\u021bile vor aborda tematici variate de mecanic\u0103 cuantic\u0103, inclusiv aplica\u021bii moderne, de criptografie cuantic\u0103, tehnologie \u0219i informa\u021bie cuantic\u0103. Activit\u0103\u021bile de la atelierele dedicate filosofiei \u0219tiin\u021bei vor aborda concepte epistemice importante &#8211; \u00een\u021belegerea, explica\u021bia, cunoa\u0219terea, dar \u0219i probleme teoretice \u00een studiile&nbsp; interdisciplinare, mai ales cum pot fi folosite datele empirice in filosofie.<\/p>\n\n\n\n<p>Num\u0103rul total de participan\u021bi este limitat pentru a ne asigura c\u0103 putem oferi aten\u021bia cuvenit\u0103 fiec\u0103rui elev interesat de domeniu. Participan\u021bii selec\u021biona\u021bi vor fi anuntati dup\u0103 finalizarea \u00eenscrierilor. Locurile sunt limitate. <strong>\u00censcrierile pentru elevi sunt deschise p\u00e2n\u0103 la data de 29 aprilie 2025.<\/strong> <strong>Formularul de \u00eenscriere este <a href=\"https:\/\/forms.gle\/FLP1bQxR2gXRSCEx6\" target=\"_blank\" rel=\"noreferrer noopener\">disponibil aici<\/a> <\/strong><\/p>\n\n\n\n<p>Activit\u0103\u021bile vor avea loc \u00een Facultatea de Fizic\u0103 a Universit\u0103\u021bii din Bucure\u0219ti (adresa Str. Atomi\u0219tilor, nr. 405, Magurele, Jud. Ilfov &#8211; <a href=\"https:\/\/maps.app.goo.gl\/dvWVDYgvWtZCrFjq8\" target=\"_blank\" rel=\"noreferrer noopener\">click aici pentru Google Maps<\/a>)<\/p>\n\n\n\n<p><\/p>\n\n\n\n<p><\/p>\n","protected":false},"excerpt":{"rendered":"<p>Temele pentru fizic\u0103 includ, dar nu se limiteaz\u0103 la: Cu acest prilej, cadrele didactice \u015fi elevii din \u00eenv\u0103\u021b\u0103m\u00e2ntul liceal sunt invita\u0163i s\u0103 participe la sesiunile plenare din prima parte a zilei, dar \u0219i la ateliere dedicate care vor fi programate \u00een a doua parte a zilei, pe 5 \u0219i 6 mai 2025. Activit\u0103\u021bile vor aborda&#8230;<\/p>\n","protected":false},"author":1,"featured_media":0,"parent":1388,"menu_order":0,"comment_status":"closed","ping_status":"closed","template":"","meta":{"footnotes":""},"class_list":["post-1396","page","type-page","status-publish","hentry"],"jetpack-related-posts":[],"jetpack_sharing_enabled":true,"_links":{"self":[{"href":"https:\/\/scirescareer.unibuc.ro\/index.php\/wp-json\/wp\/v2\/pages\/1396","targetHints":{"allow":["GET"]}}],"collection":[{"href":"https:\/\/scirescareer.unibuc.ro\/index.php\/wp-json\/wp\/v2\/pages"}],"about":[{"href":"https:\/\/scirescareer.unibuc.ro\/index.php\/wp-json\/wp\/v2\/types\/page"}],"author":[{"embeddable":true,"href":"https:\/\/scirescareer.unibuc.ro\/index.php\/wp-json\/wp\/v2\/users\/1"}],"replies":[{"embeddable":true,"href":"https:\/\/scirescareer.unibuc.ro\/index.php\/wp-json\/wp\/v2\/comments?post=1396"}],"version-history":[{"count":9,"href":"https:\/\/scirescareer.unibuc.ro\/index.php\/wp-json\/wp\/v2\/pages\/1396\/revisions"}],"predecessor-version":[{"id":1444,"href":"https:\/\/scirescareer.unibuc.ro\/index.php\/wp-json\/wp\/v2\/pages\/1396\/revisions\/1444"}],"up":[{"embeddable":true,"href":"https:\/\/scirescareer.unibuc.ro\/index.php\/wp-json\/wp\/v2\/pages\/1388"}],"wp:attachment":[{"href":"https:\/\/scirescareer.unibuc.ro\/index.php\/wp-json\/wp\/v2\/media?parent=1396"}],"curies":[{"name":"wp","href":"https:\/\/api.w.org\/{rel}","templated":true}]}}